{"id":171,"date":"2025-05-16T10:36:19","date_gmt":"2025-05-16T08:36:19","guid":{"rendered":"https:\/\/lesbecassescouture.fr\/?post_type=product&#038;p=171"},"modified":"2025-09-12T18:39:55","modified_gmt":"2025-09-12T16:39:55","slug":"collier-deveil-sensoriel","status":"publish","type":"product","link":"https:\/\/lesbecassescouture.fr\/index.php\/produit\/collier-deveil-sensoriel\/","title":{"rendered":"Collier d&rsquo;\u00e9veil sensoriel"},"content":{"rendered":"<p>Alliez style et praticit\u00e9 avec les colliers et les bracelets d\u2019\u00e9veil sensoriel <strong>tendances pour maman<\/strong> et <strong>100% s\u00fbrs pour b\u00e9b\u00e9<\/strong>.<\/p>\n<p>Fabriqu\u00e9s \u00e0 partir de mat\u00e9riaux non toxiques comme le<strong> silicone alimentaire garantie sans BPA<\/strong> et le <strong>bois de h\u00eatre naturel de fabrication fran\u00e7aise<\/strong>, ils sont parfaits pour occuper les petites mains curieuses pendant l\u2019allaitement ou le portage.<\/p>\n<p>Un v\u00e9ritable alli\u00e9 du quotidien pour <strong>soulager les gencives sensibles<\/strong> et <strong>stimuler l\u2019\u00e9veil sensorie<\/strong>l de votre tout-petit !<\/p>\n","protected":false},"excerpt":{"rendered":"<p>Alliez style et praticit\u00e9 avec les colliers et les bracelets d\u2019\u00e9veil sensoriel tendances pour maman et 100% s\u00fbrs pour b\u00e9b\u00e9. Fabriqu\u00e9s \u00e0 partir de mat\u00e9riaux non toxiques comme le silicone alimentaire garantie sans BPA et le bois de h\u00eatre naturel de fabrication fran\u00e7aise, ils sont parfaits pour occuper les petites mains curieuses pendant l\u2019allaitement ou [&hellip;]<\/p>\n","protected":false},"featured_media":193,"comment_status":"open","ping_status":"closed","template":"","meta":{"ocean_post_layout":"","ocean_both_sidebars_style":"","ocean_both_sidebars_content_width":0,"ocean_both_sidebars_sidebars_width":0,"ocean_sidebar":"0","ocean_second_sidebar":"0","ocean_disable_margins":"enable","ocean_add_body_class":"","ocean_shortcode_before_top_bar":"","ocean_shortcode_after_top_bar":"","ocean_shortcode_before_header":"","ocean_shortcode_after_header":"","ocean_has_shortcode":"","ocean_shortcode_after_title":"","ocean_shortcode_before_footer_widgets":"","ocean_shortcode_after_footer_widgets":"","ocean_shortcode_before_footer_bottom":"","ocean_shortcode_after_footer_bottom":"","ocean_display_top_bar":"default","ocean_display_header":"default","ocean_header_style":"","ocean_center_header_left_menu":"0","ocean_custom_header_template":"0","ocean_custom_logo":0,"ocean_custom_retina_logo":0,"ocean_custom_logo_max_width":0,"ocean_custom_logo_tablet_max_width":0,"ocean_custom_logo_mobile_max_width":0,"ocean_custom_logo_max_height":0,"ocean_custom_logo_tablet_max_height":0,"ocean_custom_logo_mobile_max_height":0,"ocean_header_custom_menu":"0","ocean_menu_typo_font_family":"0","ocean_menu_typo_font_subset":"","ocean_menu_typo_font_size":0,"ocean_menu_typo_font_size_tablet":0,"ocean_menu_typo_font_size_mobile":0,"ocean_menu_typo_font_size_unit":"px","ocean_menu_typo_font_weight":"","ocean_menu_typo_font_weight_tablet":"","ocean_menu_typo_font_weight_mobile":"","ocean_menu_typo_transform":"","ocean_menu_typo_transform_tablet":"","ocean_menu_typo_transform_mobile":"","ocean_menu_typo_line_height":0,"ocean_menu_typo_line_height_tablet":0,"ocean_menu_typo_line_height_mobile":0,"ocean_menu_typo_line_height_unit":"","ocean_menu_typo_spacing":0,"ocean_menu_typo_spacing_tablet":0,"ocean_menu_typo_spacing_mobile":0,"ocean_menu_typo_spacing_unit":"","ocean_menu_link_color":"","ocean_menu_link_color_hover":"","ocean_menu_link_color_active":"","ocean_menu_link_background":"","ocean_menu_link_hover_background":"","ocean_menu_link_active_background":"","ocean_menu_social_links_bg":"","ocean_menu_social_hover_links_bg":"","ocean_menu_social_links_color":"","ocean_menu_social_hover_links_color":"","ocean_disable_title":"default","ocean_disable_heading":"default","ocean_post_title":"","ocean_post_subheading":"","ocean_post_title_style":"","ocean_post_title_background_color":"","ocean_post_title_background":0,"ocean_post_title_bg_image_position":"","ocean_post_title_bg_image_attachment":"","ocean_post_title_bg_image_repeat":"","ocean_post_title_bg_image_size":"","ocean_post_title_height":0,"ocean_post_title_bg_overlay":0.5,"ocean_post_title_bg_overlay_color":"","ocean_disable_breadcrumbs":"default","ocean_breadcrumbs_color":"","ocean_breadcrumbs_separator_color":"","ocean_breadcrumbs_links_color":"","ocean_breadcrumbs_links_hover_color":"","ocean_display_footer_widgets":"default","ocean_display_footer_bottom":"default","ocean_custom_footer_template":"0"},"product_brand":[],"product_cat":[33,36],"product_tag":[],"class_list":{"0":"post-171","1":"product","2":"type-product","3":"status-publish","4":"has-post-thumbnail","6":"product_cat-femme","7":"product_cat-accessoires-femme","8":"product_shipping_class-250-gr","10":"entry","11":"has-media","13":"first","14":"instock","15":"shipping-taxable","16":"purchasable","17":"product-type-variable","18":"has-default-attributes","19":"has-product-nav","20":"col","21":"span_1_of_3","22":"owp-content-left","23":"owp-thumbs-layout-horizontal","24":"owp-btn-normal","25":"owp-tabs-layout-horizontal"},"yoast_head":"<!-- This site is optimized with the Yoast SEO plugin v27.5 - https:\/\/yoast.com\/product\/yoast-seo-wordpress\/ -->\n<title>Collier d&#039;\u00e9veil sensoriel - Les B\u00e9casses<\/title>\n<meta name=\"robots\" content=\"index, follow, max-snippet:-1, max-image-preview:large, max-video-preview:-1\" \/>\n<link rel=\"canonical\" href=\"https:\/\/lesbecassescouture.fr\/index.php\/produit\/collier-deveil-sensoriel\/\" \/>\n<meta property=\"og:locale\" content=\"fr_FR\" \/>\n<meta property=\"og:type\" content=\"article\" \/>\n<meta property=\"og:title\" content=\"Collier d&#039;\u00e9veil sensoriel - Les B\u00e9casses\" \/>\n<meta property=\"og:description\" content=\"Alliez style et praticit\u00e9 avec les colliers et les bracelets d\u2019\u00e9veil sensoriel tendances pour maman et 100% s\u00fbrs pour b\u00e9b\u00e9. Fabriqu\u00e9s \u00e0 partir de mat\u00e9riaux non toxiques comme le silicone alimentaire garantie sans BPA et le bois de h\u00eatre naturel de fabrication fran\u00e7aise, ils sont parfaits pour occuper les petites mains curieuses pendant l\u2019allaitement ou [&hellip;]\" \/>\n<meta property=\"og:url\" content=\"https:\/\/lesbecassescouture.fr\/index.php\/produit\/collier-deveil-sensoriel\/\" \/>\n<meta property=\"og:site_name\" content=\"Les B\u00e9casses\" \/>\n<meta property=\"article:publisher\" content=\"https:\/\/www.facebook.com\/lesbecassescouture\" \/>\n<meta property=\"article:modified_time\" content=\"2025-09-12T16:39:55+00:00\" \/>\n<meta property=\"og:image\" content=\"https:\/\/lesbecassescouture.fr\/wp-content\/uploads\/2025\/05\/IMG_3059-1.jpeg\" \/>\n\t<meta property=\"og:image:width\" content=\"1000\" \/>\n\t<meta property=\"og:image:height\" content=\"750\" \/>\n\t<meta property=\"og:image:type\" content=\"image\/jpeg\" \/>\n<meta name=\"twitter:card\" content=\"summary_large_image\" \/>\n<meta name=\"twitter:label1\" content=\"Dur\u00e9e de lecture estim\u00e9e\" \/>\n\t<meta name=\"twitter:data1\" content=\"1 minute\" \/>\n<script type=\"application\/ld+json\" class=\"yoast-schema-graph\">{\"@context\":\"https:\\\/\\\/schema.org\",\"@graph\":[{\"@type\":\"WebPage\",\"@id\":\"https:\\\/\\\/lesbecassescouture.fr\\\/index.php\\\/produit\\\/collier-deveil-sensoriel\\\/\",\"url\":\"https:\\\/\\\/lesbecassescouture.fr\\\/index.php\\\/produit\\\/collier-deveil-sensoriel\\\/\",\"name\":\"Collier d'\u00e9veil sensoriel - Les B\u00e9casses\",\"isPartOf\":{\"@id\":\"https:\\\/\\\/lesbecassescouture.fr\\\/#website\"},\"primaryImageOfPage\":{\"@id\":\"https:\\\/\\\/lesbecassescouture.fr\\\/index.php\\\/produit\\\/collier-deveil-sensoriel\\\/#primaryimage\"},\"image\":{\"@id\":\"https:\\\/\\\/lesbecassescouture.fr\\\/index.php\\\/produit\\\/collier-deveil-sensoriel\\\/#primaryimage\"},\"thumbnailUrl\":\"https:\\\/\\\/lesbecassescouture.fr\\\/wp-content\\\/uploads\\\/2025\\\/05\\\/IMG_3059-1.jpeg\",\"datePublished\":\"2025-05-16T08:36:19+00:00\",\"dateModified\":\"2025-09-12T16:39:55+00:00\",\"breadcrumb\":{\"@id\":\"https:\\\/\\\/lesbecassescouture.fr\\\/index.php\\\/produit\\\/collier-deveil-sensoriel\\\/#breadcrumb\"},\"inLanguage\":\"fr-FR\",\"potentialAction\":[{\"@type\":\"ReadAction\",\"target\":[\"https:\\\/\\\/lesbecassescouture.fr\\\/index.php\\\/produit\\\/collier-deveil-sensoriel\\\/\"]}]},{\"@type\":\"ImageObject\",\"inLanguage\":\"fr-FR\",\"@id\":\"https:\\\/\\\/lesbecassescouture.fr\\\/index.php\\\/produit\\\/collier-deveil-sensoriel\\\/#primaryimage\",\"url\":\"https:\\\/\\\/lesbecassescouture.fr\\\/wp-content\\\/uploads\\\/2025\\\/05\\\/IMG_3059-1.jpeg\",\"contentUrl\":\"https:\\\/\\\/lesbecassescouture.fr\\\/wp-content\\\/uploads\\\/2025\\\/05\\\/IMG_3059-1.jpeg\",\"width\":1000,\"height\":750},{\"@type\":\"BreadcrumbList\",\"@id\":\"https:\\\/\\\/lesbecassescouture.fr\\\/index.php\\\/produit\\\/collier-deveil-sensoriel\\\/#breadcrumb\",\"itemListElement\":[{\"@type\":\"ListItem\",\"position\":1,\"name\":\"Accueil\",\"item\":\"https:\\\/\\\/lesbecassescouture.fr\\\/\"},{\"@type\":\"ListItem\",\"position\":2,\"name\":\"Boutique\",\"item\":\"https:\\\/\\\/lesbecassescouture.fr\\\/index.php\\\/boutique\\\/\"},{\"@type\":\"ListItem\",\"position\":3,\"name\":\"Collier d&rsquo;\u00e9veil sensoriel\"}]},{\"@type\":\"WebSite\",\"@id\":\"https:\\\/\\\/lesbecassescouture.fr\\\/#website\",\"url\":\"https:\\\/\\\/lesbecassescouture.fr\\\/\",\"name\":\"Les B\u00e9casses\",\"description\":\"\",\"publisher\":{\"@id\":\"https:\\\/\\\/lesbecassescouture.fr\\\/#organization\"},\"potentialAction\":[{\"@type\":\"SearchAction\",\"target\":{\"@type\":\"EntryPoint\",\"urlTemplate\":\"https:\\\/\\\/lesbecassescouture.fr\\\/?s={search_term_string}\"},\"query-input\":{\"@type\":\"PropertyValueSpecification\",\"valueRequired\":true,\"valueName\":\"search_term_string\"}}],\"inLanguage\":\"fr-FR\"},{\"@type\":\"Organization\",\"@id\":\"https:\\\/\\\/lesbecassescouture.fr\\\/#organization\",\"name\":\"Les B\u00e9casses\",\"url\":\"https:\\\/\\\/lesbecassescouture.fr\\\/\",\"logo\":{\"@type\":\"ImageObject\",\"inLanguage\":\"fr-FR\",\"@id\":\"https:\\\/\\\/lesbecassescouture.fr\\\/#\\\/schema\\\/logo\\\/image\\\/\",\"url\":\"https:\\\/\\\/lesbecassescouture.fr\\\/wp-content\\\/uploads\\\/2025\\\/03\\\/cropped-banniere_etsy2.jpg\",\"contentUrl\":\"https:\\\/\\\/lesbecassescouture.fr\\\/wp-content\\\/uploads\\\/2025\\\/03\\\/cropped-banniere_etsy2.jpg\",\"width\":2286,\"height\":630,\"caption\":\"Les B\u00e9casses\"},\"image\":{\"@id\":\"https:\\\/\\\/lesbecassescouture.fr\\\/#\\\/schema\\\/logo\\\/image\\\/\"},\"sameAs\":[\"https:\\\/\\\/www.facebook.com\\\/lesbecassescouture\",\"https:\\\/\\\/www.instagram.com\\\/lesbecassescouture\\\/\"]}]}<\/script>\n<!-- \/ Yoast SEO plugin. -->","yoast_head_json":{"title":"Collier d'\u00e9veil sensoriel - Les B\u00e9casses","robots":{"index":"index","follow":"follow","max-snippet":"max-snippet:-1","max-image-preview":"max-image-preview:large","max-video-preview":"max-video-preview:-1"},"canonical":"https:\/\/lesbecassescouture.fr\/index.php\/produit\/collier-deveil-sensoriel\/","og_locale":"fr_FR","og_type":"article","og_title":"Collier d'\u00e9veil sensoriel - Les B\u00e9casses","og_description":"Alliez style et praticit\u00e9 avec les colliers et les bracelets d\u2019\u00e9veil sensoriel tendances pour maman et 100% s\u00fbrs pour b\u00e9b\u00e9. Fabriqu\u00e9s \u00e0 partir de mat\u00e9riaux non toxiques comme le silicone alimentaire garantie sans BPA et le bois de h\u00eatre naturel de fabrication fran\u00e7aise, ils sont parfaits pour occuper les petites mains curieuses pendant l\u2019allaitement ou [&hellip;]","og_url":"https:\/\/lesbecassescouture.fr\/index.php\/produit\/collier-deveil-sensoriel\/","og_site_name":"Les B\u00e9casses","article_publisher":"https:\/\/www.facebook.com\/lesbecassescouture","article_modified_time":"2025-09-12T16:39:55+00:00","og_image":[{"width":1000,"height":750,"url":"https:\/\/lesbecassescouture.fr\/wp-content\/uploads\/2025\/05\/IMG_3059-1.jpeg","type":"image\/jpeg"}],"twitter_card":"summary_large_image","twitter_misc":{"Dur\u00e9e de lecture estim\u00e9e":"1 minute"},"schema":{"@context":"https:\/\/schema.org","@graph":[{"@type":"WebPage","@id":"https:\/\/lesbecassescouture.fr\/index.php\/produit\/collier-deveil-sensoriel\/","url":"https:\/\/lesbecassescouture.fr\/index.php\/produit\/collier-deveil-sensoriel\/","name":"Collier d'\u00e9veil sensoriel - Les B\u00e9casses","isPartOf":{"@id":"https:\/\/lesbecassescouture.fr\/#website"},"primaryImageOfPage":{"@id":"https:\/\/lesbecassescouture.fr\/index.php\/produit\/collier-deveil-sensoriel\/#primaryimage"},"image":{"@id":"https:\/\/lesbecassescouture.fr\/index.php\/produit\/collier-deveil-sensoriel\/#primaryimage"},"thumbnailUrl":"https:\/\/lesbecassescouture.fr\/wp-content\/uploads\/2025\/05\/IMG_3059-1.jpeg","datePublished":"2025-05-16T08:36:19+00:00","dateModified":"2025-09-12T16:39:55+00:00","breadcrumb":{"@id":"https:\/\/lesbecassescouture.fr\/index.php\/produit\/collier-deveil-sensoriel\/#breadcrumb"},"inLanguage":"fr-FR","potentialAction":[{"@type":"ReadAction","target":["https:\/\/lesbecassescouture.fr\/index.php\/produit\/collier-deveil-sensoriel\/"]}]},{"@type":"ImageObject","inLanguage":"fr-FR","@id":"https:\/\/lesbecassescouture.fr\/index.php\/produit\/collier-deveil-sensoriel\/#primaryimage","url":"https:\/\/lesbecassescouture.fr\/wp-content\/uploads\/2025\/05\/IMG_3059-1.jpeg","contentUrl":"https:\/\/lesbecassescouture.fr\/wp-content\/uploads\/2025\/05\/IMG_3059-1.jpeg","width":1000,"height":750},{"@type":"BreadcrumbList","@id":"https:\/\/lesbecassescouture.fr\/index.php\/produit\/collier-deveil-sensoriel\/#breadcrumb","itemListElement":[{"@type":"ListItem","position":1,"name":"Accueil","item":"https:\/\/lesbecassescouture.fr\/"},{"@type":"ListItem","position":2,"name":"Boutique","item":"https:\/\/lesbecassescouture.fr\/index.php\/boutique\/"},{"@type":"ListItem","position":3,"name":"Collier d&rsquo;\u00e9veil sensoriel"}]},{"@type":"WebSite","@id":"https:\/\/lesbecassescouture.fr\/#website","url":"https:\/\/lesbecassescouture.fr\/","name":"Les B\u00e9casses","description":"","publisher":{"@id":"https:\/\/lesbecassescouture.fr\/#organization"},"potentialAction":[{"@type":"SearchAction","target":{"@type":"EntryPoint","urlTemplate":"https:\/\/lesbecassescouture.fr\/?s={search_term_string}"},"query-input":{"@type":"PropertyValueSpecification","valueRequired":true,"valueName":"search_term_string"}}],"inLanguage":"fr-FR"},{"@type":"Organization","@id":"https:\/\/lesbecassescouture.fr\/#organization","name":"Les B\u00e9casses","url":"https:\/\/lesbecassescouture.fr\/","logo":{"@type":"ImageObject","inLanguage":"fr-FR","@id":"https:\/\/lesbecassescouture.fr\/#\/schema\/logo\/image\/","url":"https:\/\/lesbecassescouture.fr\/wp-content\/uploads\/2025\/03\/cropped-banniere_etsy2.jpg","contentUrl":"https:\/\/lesbecassescouture.fr\/wp-content\/uploads\/2025\/03\/cropped-banniere_etsy2.jpg","width":2286,"height":630,"caption":"Les B\u00e9casses"},"image":{"@id":"https:\/\/lesbecassescouture.fr\/#\/schema\/logo\/image\/"},"sameAs":["https:\/\/www.facebook.com\/lesbecassescouture","https:\/\/www.instagram.com\/lesbecassescouture\/"]}]}},"_links":{"self":[{"href":"https:\/\/lesbecassescouture.fr\/index.php\/wp-json\/wp\/v2\/product\/171","targetHints":{"allow":["GET"]}}],"collection":[{"href":"https:\/\/lesbecassescouture.fr\/index.php\/wp-json\/wp\/v2\/product"}],"about":[{"href":"https:\/\/lesbecassescouture.fr\/index.php\/wp-json\/wp\/v2\/types\/product"}],"replies":[{"embeddable":true,"href":"https:\/\/lesbecassescouture.fr\/index.php\/wp-json\/wp\/v2\/comments?post=171"}],"wp:featuredmedia":[{"embeddable":true,"href":"https:\/\/lesbecassescouture.fr\/index.php\/wp-json\/wp\/v2\/media\/193"}],"wp:attachment":[{"href":"https:\/\/lesbecassescouture.fr\/index.php\/wp-json\/wp\/v2\/media?parent=171"}],"wp:term":[{"taxonomy":"product_brand","embeddable":true,"href":"https:\/\/lesbecassescouture.fr\/index.php\/wp-json\/wp\/v2\/product_brand?post=171"},{"taxonomy":"product_cat","embeddable":true,"href":"https:\/\/lesbecassescouture.fr\/index.php\/wp-json\/wp\/v2\/product_cat?post=171"},{"taxonomy":"product_tag","embeddable":true,"href":"https:\/\/lesbecassescouture.fr\/index.php\/wp-json\/wp\/v2\/product_tag?post=171"}],"curies":[{"name":"wp","href":"https:\/\/api.w.org\/{rel}","templated":true}]}}